{"id":620,"date":"2019-01-07T11:52:50","date_gmt":"2019-01-07T11:52:50","guid":{"rendered":"http:\/\/www.cla.udl.cat\/inicio\/"},"modified":"2025-10-04T10:37:56","modified_gmt":"2025-10-04T10:37:56","slug":"inicio","status":"publish","type":"page","link":"https:\/\/www.cla.udl.cat\/es\/","title":{"rendered":"Inicio"},"content":{"rendered":"\t\t<div data-elementor-type=\"wp-page\" data-elementor-id=\"620\" class=\"elementor elementor-620 elementor-2\" data-elementor-post-type=\"page\">\n\t\t\t\t\t\t<section class=\"elementor-section elementor-top-section elementor-element elementor-element-f83e327 elementor-section-full_width elementor-section-height-default elementor-section-height-default\" data-id=\"f83e327\" data-element_type=\"section\" data-e-type=\"section\">\n\t\t\t\t\t\t<div class=\"elementor-container elementor-column-gap-no\">\n\t\t\t\t\t<div class=\"elementor-column elementor-col-100 elementor-top-column elementor-element elementor-element-0704519\" data-id=\"0704519\" data-element_type=\"column\" data-e-type=\"column\" data-settings=\"{&quot;background_background&quot;:&quot;classic&quot;}\">\n\t\t\t<div class=\"elementor-widget-wrap elementor-element-populated\">\n\t\t\t\t\t\t<div class=\"elementor-element elementor-element-636804b elementor-widget elementor-widget-spacer\" data-id=\"636804b\" data-element_type=\"widget\" data-e-type=\"widget\" data-widget_type=\"spacer.default\">\n\t\t\t\t<div class=\"elementor-widget-container\">\n\t\t\t\t\t\t\t<div class=\"elementor-spacer\">\n\t\t\t<div class=\"elementor-spacer-inner\"><\/div>\n\t\t<\/div>\n\t\t\t\t\t\t<\/div>\n\t\t\t\t<\/div>\n\t\t\t\t\t<\/div>\n\t\t<\/div>\n\t\t\t\t\t<\/div>\n\t\t<\/section>\n\t\t\t\t<section class=\"elementor-section elementor-top-section elementor-element elementor-element-6cfecc5 elementor-section-boxed elementor-section-height-default elementor-section-height-default\" data-id=\"6cfecc5\" data-element_type=\"section\" data-e-type=\"section\">\n\t\t\t\t\t\t<div class=\"elementor-container elementor-column-gap-default\">\n\t\t\t\t\t<div class=\"elementor-column elementor-col-50 elementor-top-column elementor-element elementor-element-37819b8\" data-id=\"37819b8\" data-element_type=\"column\" data-e-type=\"column\">\n\t\t\t<div class=\"elementor-widget-wrap elementor-element-populated\">\n\t\t\t\t\t\t<div class=\"elementor-element elementor-element-d1e9691 elementor-widget elementor-widget-video\" data-id=\"d1e9691\" data-element_type=\"widget\" data-e-type=\"widget\" data-settings=\"{&quot;youtube_url&quot;:&quot;https:\\\/\\\/youtu.be\\\/Q_KmzVgwUqE&quot;,&quot;video_type&quot;:&quot;youtube&quot;,&quot;controls&quot;:&quot;yes&quot;}\" data-widget_type=\"video.default\">\n\t\t\t\t<div class=\"elementor-widget-container\">\n\t\t\t\t\t\t\t<div class=\"elementor-wrapper elementor-open-inline\">\n\t\t\t<div class=\"elementor-video\"><\/div>\t\t<\/div>\n\t\t\t\t\t\t<\/div>\n\t\t\t\t<\/div>\n\t\t\t\t<div class=\"elementor-element elementor-element-25dd3b8 elementor-widget elementor-widget-text-editor\" data-id=\"25dd3b8\" data-element_type=\"widget\" data-e-type=\"widget\" data-widget_type=\"text-editor.default\">\n\t\t\t\t<div class=\"elementor-widget-container\">\n\t\t\t\t\t\t\t\t\t<p>El <em>C\u00edrculo de Ling\u00fc\u00edstica Aplicada<\/em> (CLA) es un grupo de investigaci\u00f3n establecido por la Generalitat de Catalunya como un grupo consolidado.<\/p>\n<p>Los proyectos m\u00e1s recientes que se han llevado a cabo dentro del CLA se han centrado en el papel del multiling\u00fcismo y la interculturalidad en la educaci\u00f3n secundaria y universitaria.<\/p>\n<p>En general, el CLA est\u00e1 interesado en analizar el desarrollo de la conciencia ling\u00fc\u00edstica, la educaci\u00f3n pluriling\u00fce, el perfil y la capacitaci\u00f3n de los profesores de ingl\u00e9s no nativos, la introducci\u00f3n del ingl\u00e9s como medio de instrucci\u00f3n en el aprendizaje de contenidos, el desarrollo de competencias interculturales y el impacto de la internacionalizaci\u00f3n en las pr\u00e1cticas multiling\u00fces en la educaci\u00f3n superior.<\/p>\n<p>La investigaci\u00f3n del CLA se estructura en torno a dos l\u00edneas: investigaci\u00f3n b\u00e1sica y transferencia de conocimiento.<\/p>\n<p>&nbsp;<\/p>\n<ol>\n<li><strong>Desarrollo de la investigaci\u00f3n b\u00e1sica y sus aplicaciones.<\/strong><\/li>\n<\/ol>\n<p>El principal objetivo del CLA en esta \u00e1rea es describir y explicar la relaci\u00f3n entre pol\u00edticas, ideolog\u00edas y pr\u00e1cticas comunicativas en la educaci\u00f3n superior, as\u00ed como su relaci\u00f3n con el multiling\u00fcismo, la interculturalidad y la internacionalizaci\u00f3n. El logro de este objetivo puede contribuir a comprender el \u00e9xito o el fracaso de ciertas pol\u00edticas de educaci\u00f3n superior. El segundo objetivo es desarrollar materiales que puedan usarse como modelo de referencia para las buenas pr\u00e1cticas en la capacitaci\u00f3n del personal de educaci\u00f3n superior.<\/p>\n<ol start=\"2\">\n<li><strong>Transferencia de conocimiento: el Observatorio del Pluriling\u00fcismo de las Universidades Catalanas (<a href=\"http:\/\/www.opuc.udl.cat\/\">OPUC<\/a>)<\/strong><\/li>\n<\/ol>\n<p>La fundaci\u00f3n del Observatorio del Pluriling\u00fcismo a les Universidades Catalanas contribuye al desarrollo del multiling\u00fcismo y la internacionalizaci\u00f3n en las universidades catalanas, proporcion\u00e1ndoles informaci\u00f3n, as\u00ed como ideas y modelos de referencia para las pr\u00e1cticas multiling\u00fces adecuadas.<\/p>\n<p>&nbsp;<\/p>\n<p style=\"margin: 18pt 0cm 12pt; color: #000000; font-size: 11pt; font-family: Calibri, sans-serif; text-align: center;\" align=\"center\"><b style=\"color: #7a7a7a; font-family: var( --e-global-typography-text-font-family ), Sans-serif; font-size: 1rem;\"><span style=\"color: red;\">NEWS!!!<\/span><\/b><b><span style=\"font-size: 16pt; font-family: Arial, sans-serif;\">\u00a0Study Abroad International Conference Lleida:<\/span><\/b><b style=\"font-family: 'Times New Roman', serif; font-size: 12pt;\"><span style=\"font-size: 16pt; font-family: Arial, sans-serif;\">\u00a0\u201cLearning through mobility: Linguistic and intercultural insights from study abroad\u201d\u00a0<\/span><\/b><b style=\"font-family: 'Times New Roman', serif; font-size: 12pt;\"><span style=\"font-size: 18pt; font-family: Arial, sans-serif;\">\u00a0<\/span><\/b><span style=\"font-weight: var( --e-global-typography-text-font-weight ); font-size: 11pt;\"><u><\/u>\u00a0<\/span><\/p>\n<p style=\"margin: 0cm; color: #000000; font-size: 12pt; font-family: 'Times New Roman', serif; text-align: center;\" align=\"center\"><b><span style=\"font-family: Arial, sans-serif;\">Universitat de Lleida (UdL), Facultat de Lletres, room 2.26 (Sala Roberto Fern\u00e1ndez)\u00a0<\/span><\/b><b><span style=\"font-family: Arial, sans-serif;\">\u00a0<\/span><\/b><span style=\"font-size: 11pt; font-family: Calibri, sans-serif;\"><u><\/u>\u00a0<\/span><\/p>\n<p style=\"margin: 0cm; color: #000000; font-size: 12pt; font-family: 'Times New Roman', serif; text-align: center;\" align=\"center\"><b><span style=\"font-size: 13pt; font-family: Arial, sans-serif;\">*\u00a0<\/span><\/b><b><span style=\"font-size: 13pt; font-family: Arial, sans-serif; color: #1155cc;\">May 18th and 19th, 2026\u00a0<\/span><\/b><b><span style=\"font-size: 13pt; font-family: Arial, sans-serif;\">*<\/span><\/b><span style=\"font-family: Arial, sans-serif;\">\u00a0<\/span><span style=\"font-size: 11pt; font-family: Calibri, sans-serif;\"><u><\/u>\u00a0<u><\/u><\/span><\/p>\n<p style=\"margin: 0cm 0cm 8pt; color: #000000; font-size: 12pt; font-family: 'Times New Roman', serif; text-align: justify;\"><span lang=\"EN-GB\" style=\"font-size: 11pt; font-family: Arial, sans-serif;\">\u00a0<\/span><span style=\"font-size: 11pt; font-family: Calibri, sans-serif;\"><u><\/u>\u00a0<u><\/u><\/span><\/p>\n<p dir=\"ltr\" style=\"line-height: 1.5; text-align: center; margin-top: 0pt; margin-bottom: 0pt;\"><span style=\"font-size: 14pt; font-family: 'EB Garamond'; color: #1c1c1c; background-color: transparent; font-variant-numeric: normal; font-variant-east-asian: normal; font-variant-alternates: normal; font-variant-position: normal; font-variant-emoji: normal; text-decoration-line: underline; text-decoration-skip-ink: none; vertical-align: baseline; white-space-collapse: preserve;\">Exploring New Directions in Study Abroad Research: Languages, Technology, and Beyond\u00a0<\/span><\/p>\n<p style=\"margin: 0cm 0cm 8pt; color: #000000; font-size: 12pt; font-family: 'Times New Roman', serif; text-align: justify;\"><span style=\"background-color: transparent; color: #1c1c1c; font-family: 'EB Garamond'; font-size: 14pt; white-space-collapse: preserve;\">The Study Abroad Research in European Perspective (SAREP) network brings together international researchers and practitioners interested in the study of language and intercultural learning and educational experiences in mobility contexts. This 2026 edition will be a small-scale conference, designed to foster in-depth discussion and collaboration. Our aim is to explore what is currently being done in study abroad research and to reflect on future directions, particularly at the intersection of language learning, international education, and technology. Special attention will be given to the role of digital technologies, not only as tools that shape research methodologies, but also as factors that influence how students learn, interact, and develop competences during their study abroad experiences. <\/span><span style=\"font-size: 11pt; font-family: Calibri, sans-serif;\">\u00a0<\/span><\/p>\n<p style=\"margin: 0cm 0cm 8pt; color: #000000; text-align: justify;\"><span style=\"font-family: Calibri, sans-serif;\"><span style=\"font-size: 14.6667px;\"><b>ARE YOU INTERESTED?<\/b>\u00a0Find all the information you need on our webpage\u00a0<\/span><\/span><a href=\"https:\/\/sites.google.com\/view\/studyabroad-conference-lleida\/home?authuser=4\" target=\"_blank\" rel=\"noopener\">here<\/a><span style=\"font-family: Calibri, sans-serif;\"><span style=\"font-size: 14.6667px;\">!<\/span><\/span><\/p>\n\t\t\t\t\t\t\t\t<\/div>\n\t\t\t\t<\/div>\n\t\t\t\t\t<\/div>\n\t\t<\/div>\n\t\t\t\t<div class=\"elementor-column elementor-col-50 elementor-top-column elementor-element elementor-element-9f1246d\" data-id=\"9f1246d\" data-element_type=\"column\" data-e-type=\"column\">\n\t\t\t<div class=\"elementor-widget-wrap elementor-element-populated\">\n\t\t\t\t\t\t<div class=\"elementor-element elementor-element-d06638d elementor-widget elementor-widget-html\" data-id=\"d06638d\" data-element_type=\"widget\" data-e-type=\"widget\" data-widget_type=\"html.default\">\n\t\t\t\t<div class=\"elementor-widget-container\">\n\t\t\t\t\t<a class=\"twitter-timeline\" href=\"https:\/\/x.com\/UdLCLA\">Tweets by UdLCLA<\/a> <script async src=\"https:\/\/platform.twitter.com\/widgets.js\" charset=\"utf-8\"><\/script>\t\t\t\t<\/div>\n\t\t\t\t<\/div>\n\t\t\t\t\t<\/div>\n\t\t<\/div>\n\t\t\t\t\t<\/div>\n\t\t<\/section>\n\t\t\t\t<\/div>\n\t\t","protected":false},"excerpt":{"rendered":"<p>https:\/\/youtu.be\/Q_KmzVgwUqE El C\u00edrculo de Ling\u00fc\u00edstica Aplicada (CLA) es un grupo de investigaci\u00f3n establecido por la Generalitat de Catalunya como un grupo consolidado. Los proyectos m\u00e1s recientes que se han llevado a cabo dentro del CLA se han centrado en el papel del multiling\u00fcismo y la interculturalidad en la educaci\u00f3n secundaria y universitaria. En general, el [&hellip;]<\/p>\n","protected":false},"author":1,"featured_media":0,"parent":0,"menu_order":0,"comment_status":"closed","ping_status":"open","template":"","meta":{"footnotes":""},"class_list":["post-620","page","type-page","status-publish","hentry"],"yoast_head":"<!-- This site is optimized with the Yoast SEO plugin v21.3 - https:\/\/yoast.com\/wordpress\/plugins\/seo\/ -->\n<title>Inicio - CLA UDL<\/title>\n<meta name=\"robots\" content=\"index, follow, max-snippet:-1, max-image-preview:large, max-video-preview:-1\" \/>\n<link rel=\"canonical\" href=\"https:\/\/www.cla.udl.cat\/\" \/>\n<meta property=\"og:locale\" content=\"es_ES\" \/>\n<meta property=\"og:type\" content=\"article\" \/>\n<meta property=\"og:title\" content=\"Inicio - CLA UDL\" \/>\n<meta property=\"og:description\" content=\"https:\/\/youtu.be\/Q_KmzVgwUqE El C\u00edrculo de Ling\u00fc\u00edstica Aplicada (CLA) es un grupo de investigaci\u00f3n establecido por la Generalitat de Catalunya como un grupo consolidado. Los proyectos m\u00e1s recientes que se han llevado a cabo dentro del CLA se han centrado en el papel del multiling\u00fcismo y la interculturalidad en la educaci\u00f3n secundaria y universitaria. En general, el [&hellip;]\" \/>\n<meta property=\"og:url\" content=\"https:\/\/www.cla.udl.cat\/\" \/>\n<meta property=\"og:site_name\" content=\"CLA UDL\" \/>\n<meta property=\"article:modified_time\" content=\"2025-10-04T10:37:56+00:00\" \/>\n<meta name=\"twitter:card\" content=\"summary_large_image\" \/>\n<meta name=\"twitter:label1\" content=\"Tiempo de lectura\" \/>\n\t<meta name=\"twitter:data1\" content=\"3 minutos\" \/>\n<script type=\"application\/ld+json\" class=\"yoast-schema-graph\">{\"@context\":\"https:\/\/schema.org\",\"@graph\":[{\"@type\":\"WebPage\",\"@id\":\"https:\/\/www.cla.udl.cat\/\",\"url\":\"https:\/\/www.cla.udl.cat\/\",\"name\":\"Inicio - CLA UDL\",\"isPartOf\":{\"@id\":\"https:\/\/www.cla.udl.cat\/#website\"},\"datePublished\":\"2019-01-07T11:52:50+00:00\",\"dateModified\":\"2025-10-04T10:37:56+00:00\",\"breadcrumb\":{\"@id\":\"https:\/\/www.cla.udl.cat\/#breadcrumb\"},\"inLanguage\":\"es\",\"potentialAction\":[{\"@type\":\"ReadAction\",\"target\":[\"https:\/\/www.cla.udl.cat\/\"]}]},{\"@type\":\"BreadcrumbList\",\"@id\":\"https:\/\/www.cla.udl.cat\/#breadcrumb\",\"itemListElement\":[{\"@type\":\"ListItem\",\"position\":1,\"name\":\"Portada\",\"item\":\"https:\/\/www.cla.udl.cat\/\"},{\"@type\":\"ListItem\",\"position\":2,\"name\":\"Inicio\"}]},{\"@type\":\"WebSite\",\"@id\":\"https:\/\/www.cla.udl.cat\/#website\",\"url\":\"https:\/\/www.cla.udl.cat\/\",\"name\":\"CLA UDL\",\"description\":\"Cercle de Ling\u00fc\u00edstica Aplicada\",\"publisher\":{\"@id\":\"https:\/\/www.cla.udl.cat\/#organization\"},\"potentialAction\":[{\"@type\":\"SearchAction\",\"target\":{\"@type\":\"EntryPoint\",\"urlTemplate\":\"https:\/\/www.cla.udl.cat\/?s={search_term_string}\"},\"query-input\":\"required name=search_term_string\"}],\"inLanguage\":\"es\"},{\"@type\":\"Organization\",\"@id\":\"https:\/\/www.cla.udl.cat\/#organization\",\"name\":\"CLA UDL\",\"url\":\"https:\/\/www.cla.udl.cat\/\",\"logo\":{\"@type\":\"ImageObject\",\"inLanguage\":\"es\",\"@id\":\"https:\/\/www.cla.udl.cat\/#\/schema\/logo\/image\/\",\"url\":\"https:\/\/www.cla.udl.cat\/wp-content\/uploads\/2017\/09\/logo-CLA.gif\",\"contentUrl\":\"https:\/\/www.cla.udl.cat\/wp-content\/uploads\/2017\/09\/logo-CLA.gif\",\"width\":156,\"height\":169,\"caption\":\"CLA UDL\"},\"image\":{\"@id\":\"https:\/\/www.cla.udl.cat\/#\/schema\/logo\/image\/\"}}]}<\/script>\n<!-- \/ Yoast SEO plugin. -->","yoast_head_json":{"title":"Inicio - CLA UDL","robots":{"index":"index","follow":"follow","max-snippet":"max-snippet:-1","max-image-preview":"max-image-preview:large","max-video-preview":"max-video-preview:-1"},"canonical":"https:\/\/www.cla.udl.cat\/","og_locale":"es_ES","og_type":"article","og_title":"Inicio - CLA UDL","og_description":"https:\/\/youtu.be\/Q_KmzVgwUqE El C\u00edrculo de Ling\u00fc\u00edstica Aplicada (CLA) es un grupo de investigaci\u00f3n establecido por la Generalitat de Catalunya como un grupo consolidado. Los proyectos m\u00e1s recientes que se han llevado a cabo dentro del CLA se han centrado en el papel del multiling\u00fcismo y la interculturalidad en la educaci\u00f3n secundaria y universitaria. En general, el [&hellip;]","og_url":"https:\/\/www.cla.udl.cat\/","og_site_name":"CLA UDL","article_modified_time":"2025-10-04T10:37:56+00:00","twitter_card":"summary_large_image","twitter_misc":{"Tiempo de lectura":"3 minutos"},"schema":{"@context":"https:\/\/schema.org","@graph":[{"@type":"WebPage","@id":"https:\/\/www.cla.udl.cat\/","url":"https:\/\/www.cla.udl.cat\/","name":"Inicio - CLA UDL","isPartOf":{"@id":"https:\/\/www.cla.udl.cat\/#website"},"datePublished":"2019-01-07T11:52:50+00:00","dateModified":"2025-10-04T10:37:56+00:00","breadcrumb":{"@id":"https:\/\/www.cla.udl.cat\/#breadcrumb"},"inLanguage":"es","potentialAction":[{"@type":"ReadAction","target":["https:\/\/www.cla.udl.cat\/"]}]},{"@type":"BreadcrumbList","@id":"https:\/\/www.cla.udl.cat\/#breadcrumb","itemListElement":[{"@type":"ListItem","position":1,"name":"Portada","item":"https:\/\/www.cla.udl.cat\/"},{"@type":"ListItem","position":2,"name":"Inicio"}]},{"@type":"WebSite","@id":"https:\/\/www.cla.udl.cat\/#website","url":"https:\/\/www.cla.udl.cat\/","name":"CLA UDL","description":"Cercle de Ling\u00fc\u00edstica Aplicada","publisher":{"@id":"https:\/\/www.cla.udl.cat\/#organization"},"potentialAction":[{"@type":"SearchAction","target":{"@type":"EntryPoint","urlTemplate":"https:\/\/www.cla.udl.cat\/?s={search_term_string}"},"query-input":"required name=search_term_string"}],"inLanguage":"es"},{"@type":"Organization","@id":"https:\/\/www.cla.udl.cat\/#organization","name":"CLA UDL","url":"https:\/\/www.cla.udl.cat\/","logo":{"@type":"ImageObject","inLanguage":"es","@id":"https:\/\/www.cla.udl.cat\/#\/schema\/logo\/image\/","url":"https:\/\/www.cla.udl.cat\/wp-content\/uploads\/2017\/09\/logo-CLA.gif","contentUrl":"https:\/\/www.cla.udl.cat\/wp-content\/uploads\/2017\/09\/logo-CLA.gif","width":156,"height":169,"caption":"CLA UDL"},"image":{"@id":"https:\/\/www.cla.udl.cat\/#\/schema\/logo\/image\/"}}]}},"_links":{"self":[{"href":"https:\/\/www.cla.udl.cat\/es\/wp-json\/wp\/v2\/pages\/620","targetHints":{"allow":["GET"]}}],"collection":[{"href":"https:\/\/www.cla.udl.cat\/es\/wp-json\/wp\/v2\/pages"}],"about":[{"href":"https:\/\/www.cla.udl.cat\/es\/wp-json\/wp\/v2\/types\/page"}],"author":[{"embeddable":true,"href":"https:\/\/www.cla.udl.cat\/es\/wp-json\/wp\/v2\/users\/1"}],"replies":[{"embeddable":true,"href":"https:\/\/www.cla.udl.cat\/es\/wp-json\/wp\/v2\/comments?post=620"}],"version-history":[{"count":42,"href":"https:\/\/www.cla.udl.cat\/es\/wp-json\/wp\/v2\/pages\/620\/revisions"}],"predecessor-version":[{"id":4876,"href":"https:\/\/www.cla.udl.cat\/es\/wp-json\/wp\/v2\/pages\/620\/revisions\/4876"}],"wp:attachment":[{"href":"https:\/\/www.cla.udl.cat\/es\/wp-json\/wp\/v2\/media?parent=620"}],"curies":[{"name":"wp","href":"https:\/\/api.w.org\/{rel}","templated":true}]}}